{"id":286550,"date":"2022-02-24T17:26:40","date_gmt":"2022-02-24T16:26:40","guid":{"rendered":"https:\/\/www.hzc-power.com\/carriere\/"},"modified":"2023-12-12T13:53:43","modified_gmt":"2023-12-12T12:53:43","slug":"carriere","status":"publish","type":"page","link":"https:\/\/www.hzc-power.com\/fr\/carriere\/","title":{"rendered":"Carri\u00e8re"},"content":{"rendered":"<div class=\"wpb-content-wrapper\"><p>[vc_row][vc_column][vc_column_text]<span class=\"jobs-JobDescription css-smaipe e1wnkr790\" role=\"document\"><b>HZC Power est une entreprise de commerce \u00e9lectronique en pleine croissance dans le domaine des outils et machines de jardin motoris\u00e9s. Pour accro\u00eetre davantage notre part de march\u00e9 croissante, nous avons besoin de vous pour renforcer notre service marketing \u00e0 Krefeld.<\/b><\/span>[\/vc_column_text][\/vc_column][\/vc_row][vc_row el_class=&#8221;karriere&#8221;][vc_column][vc_tta_tabs][vc_tta_section title=&#8221;Service client\u00e8le&#8221; tab_id=&#8221;1674051990737-1f74cf96-3817&#8243;][vc_custom_heading text=&#8221;Service client\u00e8le&#8221; use_theme_fonts=&#8221;yes&#8221;][vc_column_text]<b>Qu&#8217;est-ce qui vous attend\u00a0?<\/b><\/p>\n<ul>\n<li>Vous aidez nos clients \u00e0 r\u00e9soudre toutes les pr\u00e9occupations individuelles li\u00e9es \u00e0 leur commande, au traitement du paiement et \u00e0 la livraison<\/li>\n<li>Si vous avez des questions sur nos produits, vous serez le premier point de contact et vous fournirez une assistance professionnelle par e-mail ou par t\u00e9l\u00e9phone<\/li>\n<li>R\u00e9ception, traitement et r\u00e8glement des r\u00e9clamations clients<\/li>\n<li>Aider les clients de mani\u00e8re ind\u00e9pendante en cas de r\u00e9clamation concernant les machines et trouver des solutions avec le client<\/li>\n<li>Vous acceptez volontiers les r\u00e9clamations des clients et prenez grand soin de trouver une solution rapide et satisfaisante.<\/li>\n<li>Support et d\u00e9veloppement d&#8217;importantes plates-formes de vente en Allemagne et dans les pays de l&#8217;UE<\/li>\n<li>Contr\u00f4le de la politique tarifaire et planification des offres et promotions sp\u00e9ciales en ligne<\/li>\n<li>Donn\u00e9es de base et maintenance des contrats ainsi que participation \u00e0 l&#8217;inventaire<\/li>\n<\/ul>\n<p><strong><b>Que devez-vous apporter\u00a0?<\/b><\/strong><\/p>\n<ul>\n<li>Profitez du contact avec les gens<\/li>\n<li>Excellente orientation vers le service ainsi que comp\u00e9tences en mati\u00e8re de conseil et de m\u00e9diation<\/li>\n<li>Tr\u00e8s bonne connaissance \u00e9crite et orale de l&#8217;allemand<\/li>\n<li>Formation professionnelle termin\u00e9e dans le domaine du g\u00e9nie m\u00e9canique, connaissances techniques relativement avantageuses<\/li>\n<li>Compr\u00e9hension rapide et m\u00e9thode de travail ind\u00e9pendante, structur\u00e9e et ax\u00e9e sur les r\u00e9sultats<\/li>\n<li>Bonnes comp\u00e9tences en communication, grande fiabilit\u00e9<br \/>\nVous pouvez dire que vous \u00eates un joueur d&#8217;\u00e9quipe absolu<\/li>\n<\/ul>\n<p><strong><b>Nous proposons\u00a0:<\/b><\/strong><\/p>\n<ul>\n<li>un salaire attractif<\/li>\n<li>Horaires de travail fixes et r\u00e9glement\u00e9s du lundi au vendredi, un lieu de travail vari\u00e9 et int\u00e9ressant<\/li>\n<li>Des hi\u00e9rarchies plates et des projets passionnants, ind\u00e9pendants et innovants<\/li>\n<li>Travailler au sein d&#8217;une \u00e9quipe engag\u00e9e et comp\u00e9tente<\/li>\n<\/ul>\n<p>Notre petite \u00e9quipe dynamique et motiv\u00e9e a h\u00e2te de rencontrer vos esprits cr\u00e9atifs !<\/p>\n<p>Type de poste : Poste permanent \u00e0 temps plein[\/vc_column_text][\/vc_tta_section][vc_tta_section title=&#8221;Content Manager&#8221; tab_id=&#8221;1645993949702-774f9698-4291&#8243;][vc_custom_heading text=&#8221;(Junior) Content Manager (h\/f\/d)&#8221; use_theme_fonts=&#8221;yes&#8221;][vc_column_text]<strong>Qu&#8217;est-ce qui vous attend\u00a0?<\/strong><\/p>\n<ul>\n<li>Vous r\u00e9digez des articles de blog informatifs, originaux et attrayants destin\u00e9s \u00e0 un groupe cible clair.<\/li>\n<li>Vous v\u00e9rifiez et modifiez le contenu \u00e9ditorial imprim\u00e9 (manuel produit, catalogues, etc.).<\/li>\n<li>Vous g\u00e9rez notre boutique en ligne en ce qui concerne le contenu et les descriptions de produits.<\/li>\n<li>Vous nous aiderez \u00e0 cr\u00e9er du contenu pertinent et utiliserez votre cr\u00e9ativit\u00e9 pour accro\u00eetre notre port\u00e9e et accro\u00eetre l&#8217;engagement de nos abonn\u00e9s.<\/li>\n<li>Vous \u00eates responsable de la cr\u00e9ation et de la modification des newsletters.<\/li>\n<li>Stage obligatoire\/volontaire possible<\/li>\n<\/ul>\n<p>&nbsp;<\/p>\n<p><strong>Que devez-vous apporter\u00a0?<\/strong><\/p>\n<ul>\n<li>Vous avez suivi une formation professionnelle en tant que commis en communication marketing, concepteur de m\u00e9dias ou qualification comparable avec une exp\u00e9rience professionnelle pertinente<\/li>\n<li>Ou vous \u00eates titulaire d&#8217;un dipl\u00f4me sp\u00e9cialis\u00e9 dans la communication, le journalisme, les m\u00e9dias, le marketing, la traduction ou autre.<\/li>\n<li>Premi\u00e8re exp\u00e9rience professionnelle dans un poste comparable dans le domaine de la gestion de contenu.<\/li>\n<li>Connaissances \u00e9ditoriales ou marketing<\/li>\n<li>Allemand de niveau natif et bonne connaissance de l&#8217;anglais. Le n\u00e9erlandais est un plus.<\/li>\n<li>Vous vous caract\u00e9risez par votre enthousiasme, votre engagement, votre initiative et votre travail soign\u00e9<\/li>\n<\/ul>\n<p><strong>Nous proposons\u00a0:<\/strong><\/p>\n<ul>\n<li>Beaucoup de libert\u00e9 pour concr\u00e9tiser vos id\u00e9es et essayer de nouvelles choses avec nous<\/li>\n<li>Un travail vari\u00e9 avec des opportunit\u00e9s de d\u00e9veloppement personnel<\/li>\n<li>Un m\u00e9tier polyvalent et vari\u00e9 avec une \u00e9quipe engag\u00e9e et comp\u00e9tente<\/li>\n<\/ul>\n<p>[\/vc_column_text][\/vc_tta_section][vc_tta_section title=&#8221;Sales Manager&#8221; tab_id=&#8221;1645719860835-a84be1ed-f329&#8243;][vc_custom_heading text=&#8221;Junior Sales Manager (h\/f\/d)&#8221; use_theme_fonts=&#8221;yes&#8221;][vc_column_text]<b>Qu&#8217;est-ce qui vous attend\u00a0?<\/b><\/p>\n<ul>\n<li>Vous \u00eates responsable du support et du d\u00e9veloppement de diverses plateformes de vente en Allemagne et dans d&#8217;autres pays europ\u00e9ens. Dans ce contexte, vous cr\u00e9erez des concepts de communication cr\u00e9atifs pour diff\u00e9rents canaux en ligne<\/li>\n<li>Vous \u00eates un interlocuteur central pour nos clients et vous serez heureux de fournir des conseils professionnels par e-mail ou par t\u00e9l\u00e9phone si vous avez des questions sur nos produits, leur utilisation et leur application. Vous contribuerez \u00e0 toutes les pr\u00e9occupations individuelles li\u00e9es aux commandes, au traitement des paiements et aux livraisons, afin de cr\u00e9er des relations clients durables et \u00e0 long terme.<\/li>\n<li>R\u00e9ception, traitement et r\u00e8glement des r\u00e9clamations clients<\/li>\n<li>Aider les clients de mani\u00e8re ind\u00e9pendante en cas de r\u00e9clamation concernant les machines et trouver des solutions avec le client<\/li>\n<li>Vous acceptez volontiers les r\u00e9clamations des clients et prenez grand soin de trouver une solution rapide et satisfaisante.<\/li>\n<li>Vous \u00eates tout aussi engag\u00e9 dans la gestion des t\u00e2ches administratives (par exemple, r\u00e9daction des offres, d\u00e9veloppement textuel du contenu en ligne) que dans l&#8217;organisation de la livraison des machines<\/li>\n<li>Vous \u00eates coresponsable de la gestion de projet dans le cadre de l&#8217;optimisation des processus et de l&#8217;automatisation du marketing dans un objectif de g\u00e9n\u00e9ration de leads<\/li>\n<\/ul>\n<p><b>Que devez-vous apporter\u00a0?<\/b><\/p>\n<ul>\n<li>Vous \u00eates titulaire d&#8217;un dipl\u00f4me universitaire (id\u00e9alement en commerce ou en \u00e9conomie, \u00e9conomie) ou d&#8217;une formation commerciale comparable avec une exp\u00e9rience professionnelle<\/li>\n<li>Vous avez d\u00e9j\u00e0 une exp\u00e9rience dans la vente ou dans le domaine du e-commerce (B2C).<\/li>\n<li>Vous avez une compr\u00e9hension rapide ainsi qu&#8217;une mani\u00e8re de travailler ind\u00e9pendante, structur\u00e9e et orient\u00e9e r\u00e9sultat<\/li>\n<li>Vous \u00eates passionn\u00e9 par la technologie et, id\u00e9alement, avez d\u00e9j\u00e0 acquis des connaissances techniques et aimez travailler dans une \u00e9quipe jeune et dynamique<\/li>\n<li>Vous vous caract\u00e9risez par une attitude amicale et conviviale. nature communicative, un haut niveau de comp\u00e9tence organisationnelle et d&#8217;initiative ainsi qu&#8217;une r\u00e9flexion et une action analytiques, strat\u00e9giques et orient\u00e9es vers les solutions.<\/li>\n<\/ul>\n<p><b>Nous proposons\u00a0:<\/b><\/p>\n<ul>\n<li>Un outil polyvalent et polyvalent. travail vari\u00e9 avec opportunit\u00e9s de d\u00e9veloppement personnel<\/li>\n<li>Excellente ambiance de travail, communication ouverte et \u00e9quipe jeune, engag\u00e9e et comp\u00e9tente dans des hi\u00e9rarchies plates<\/li>\n<li>Un salaire attractif et \u00e9quitable avec des horaires de travail flexibles du lundi au vendredi<\/li>\n<\/ul>\n<p>[\/vc_column_text][\/vc_tta_section][vc_tta_section title=&#8221;Online Marketing Manager&#8221; tab_id=&#8221;1674052807986-d3edb0ea-9f8d&#8221;][vc_custom_heading text=&#8221;(Junior) Online Marketing Manager (h\/f\/d)&#8221; use_theme_fonts=&#8221;yes&#8221;][vc_column_text]<b>Qu&#8217;est-ce qui vous attend\u00a0?<\/b><\/p>\n<ul>\n<li>Vous vous occuperez de la conception, de la planification, du contr\u00f4le et de l&#8217;optimisation des mesures SEO\/SEA<\/li>\n<li>Vous concevez des mesures d&#8217;optimisation continues bas\u00e9es sur des analyses de mesures de performances<\/li>\n<li>Vous vous occupez de la communication sur les r\u00e9seaux sociaux (Facebook, Instagram, YouTube)<\/li>\n<li>Vous participez \u00e0 la planification, \u00e0 la mise en \u0153uvre, \u00e0 l&#8217;\u00e9dition et \u00e0 la publication de vid\u00e9os et de photos de produits<\/li>\n<li>Vous \u00eates responsable de la mise \u00e0 jour des sites Web<\/li>\n<li>Vous \u00eates responsable de la maintenance et de la mise \u00e0 jour continue du blog et de son contenu<\/li>\n<\/ul>\n<p><b>Que devez-vous apporter\u00a0?<\/b><\/p>\n<ul>\n<li>Vous avez suivi une formation professionnelle en tant que charg\u00e9 de communication marketing, concepteur de m\u00e9dias ou d\u00e9veloppeur Web ou qualification comparable avec une exp\u00e9rience professionnelle pertinente<\/li>\n<li>Ou vous avez un dipl\u00f4me avec une sp\u00e9cialisation en marketing\/marketing en ligne\/e-commerce\/KoMedia ou similaire<\/li>\n<li>Vous vous caract\u00e9risez par votre enthousiasme, votre engagement, votre initiative et votre travail soign\u00e9<\/li>\n<li>Vous poss\u00e9dez de solides comp\u00e9tences en communication et \u00eates motiv\u00e9 \u00e0 mettre des mots cr\u00e9atifs sur papier<\/li>\n<li>La connaissance du marketing est un avantage<\/li>\n<\/ul>\n<p><b>Nous proposons\u00a0:<\/b><\/p>\n<ul>\n<li>Beaucoup de libert\u00e9 pour concr\u00e9tiser vos id\u00e9es et essayer de nouvelles choses avec nous<\/li>\n<li>Un travail vari\u00e9 avec des opportunit\u00e9s de d\u00e9veloppement personnel<\/li>\n<li>Un m\u00e9tier polyvalent et vari\u00e9 avec une \u00e9quipe engag\u00e9e et comp\u00e9tente<\/li>\n<\/ul>\n<p>[\/vc_column_text][\/vc_tta_section][vc_tta_section tab_id=&#8221;1645719860840-da0ea662-fbcc&#8221; title=&#8221;Support technique&#8221;][vc_custom_heading text=&#8221;Support technique \/ technicien (h\/f\/d)&#8221; use_theme_fonts=&#8221;yes&#8221;][vc_column_text]<b>Qu&#8217;est-ce qui vous attend\u00a0?<\/b><\/p>\n<ul>\n<li>Vous \u00eates responsable de la clarification technique et de l&#8217;enregistrement des commandes des clients pour nos produits tels que les mini-pelles ou les fendeuses \u00e0 bois.<\/li>\n<li>Le contr\u00f4le technique et la clarification compl\u00e8te des commandes jusqu&#8217;\u00e0 la version technique font partie de votre activit\u00e9 quotidienne.<\/li>\n<li>En tant qu&#8217;interlocuteur comp\u00e9tent et sans probl\u00e8me, vous contribuerez \u00e0 inspirer nos clients et nos partenaires commerciaux avec des solutions techniquement et \u00e9conomiquement id\u00e9ales.<\/li>\n<li>De plus, vous apporterez vos id\u00e9es \u00e0 l&#8217;am\u00e9lioration des produits et des processus<\/li>\n<li>Vous examinez les machines de mani\u00e8re ind\u00e9pendante et effectuez des analyses d&#8217;erreurs<\/li>\n<li>Vous traitez les r\u00e9clamations et r\u00e9parez les machines d\u00e9fectueuses de mani\u00e8re ind\u00e9pendante<\/li>\n<\/ul>\n<p><b>Que devez-vous apporter\u00a0?<\/b><\/p>\n<ul>\n<li>Vous avez suivi une formation dans le domaine technique, par exemple une formation en construction m\u00e9tallique avec un technicien, un ing\u00e9nieur m\u00e9catronique, un m\u00e9canicien industriel ou une qualification comparable.<\/li>\n<li>Vous poss\u00e9dez \u00e9galement de solides connaissances techniques.<\/li>\n<li>Une m\u00e9thode de travail ax\u00e9e sur le client et les solutions est une \u00e9vidence pour vous, et vous avez toujours le savoir-faire et la faisabilit\u00e9 de la production \u00e0 l&#8217;esprit<\/li>\n<li>Vous \u00eates tr\u00e8s motiv\u00e9 pour apprendre de nouvelles choses et \u00e9largir vos connaissances (notamment sur nos produits), avez une compr\u00e9hension rapide et une grande volont\u00e9 d&#8217;apprendre<\/li>\n<li>Vous vous caract\u00e9risez par votre flexibilit\u00e9, votre r\u00e9silience et votre empathie<\/li>\n<\/ul>\n<p><b>Nous proposons\u00a0:<\/b><\/p>\n<ul>\n<li>Un lieu de travail moderne vous attend au sein d&#8217;une \u00e9quipe motiv\u00e9e et comp\u00e9tente<\/li>\n<li>Nos formations compl\u00e8tes d&#8217;initiation et de produit offrent \u00e9galement les meilleures conditions aux nouveaux arrivants dans le secteur<\/li>\n<li>Un travail vari\u00e9 avec des opportunit\u00e9s de d\u00e9veloppement personnel<\/li>\n<\/ul>\n<p>[\/vc_column_text][\/vc_tta_section][\/vc_tta_tabs][vc_column_text]Est-ce que cela vous ressemble ?<br \/>\nNous attendons de recevoir votre demande!<\/p>\n<p>Courriel\u00a0: hr@hzc-power.com<\/p>\n<p>HZC Power GmbH<br \/>\nEuropark Fichtenhain A 13b<br \/>\n47807 Krefeld<\/p>\n<p>Type de poste : Temps plein[\/vc_column_text][\/vc_column][\/vc_row]<\/p>\n<\/div>","protected":false},"excerpt":{"rendered":"<p>[vc_row][vc_column][vc_column_text]HZC Power est une entreprise de commerce \u00e9lectronique en pleine croissance dans le domaine des outils et machines de jardin motoris\u00e9s. Pour accro\u00eetre davantage notre part de march\u00e9 croissante, nous avons besoin de vous pour renforcer notre service marketing \u00e0 Krefeld.[\/vc_column_text][\/vc_column][\/vc_row][vc_row el_class=&#8221;karriere&#8221;][vc_column][vc_tta_tabs][vc_tta_section title=&#8221;Service client\u00e8le&#8221; tab_id=&#8221;1674051990737-1f74cf96-3817&#8243;][vc_custom_heading text=&#8221;Service client\u00e8le&#8221; use_theme_fonts=&#8221;yes&#8221;][vc_column_text]Qu&#8217;est-ce qui vous attend\u00a0? Vous aidez nos clients [&hellip;]<\/p>\n","protected":false},"author":63,"featured_media":0,"parent":0,"menu_order":0,"comment_status":"closed","ping_status":"closed","template":"","meta":{"inline_featured_image":false,"footnotes":""},"class_list":["post-286550","page","type-page","status-publish","hentry","page_cat-statische-seite"],"jetpack_sharing_enabled":true,"_links":{"self":[{"href":"https:\/\/www.hzc-power.com\/fr\/wp-json\/wp\/v2\/pages\/286550","targetHints":{"allow":["GET"]}}],"collection":[{"href":"https:\/\/www.hzc-power.com\/fr\/wp-json\/wp\/v2\/pages"}],"about":[{"href":"https:\/\/www.hzc-power.com\/fr\/wp-json\/wp\/v2\/types\/page"}],"author":[{"embeddable":true,"href":"https:\/\/www.hzc-power.com\/fr\/wp-json\/wp\/v2\/users\/63"}],"replies":[{"embeddable":true,"href":"https:\/\/www.hzc-power.com\/fr\/wp-json\/wp\/v2\/comments?post=286550"}],"version-history":[{"count":0,"href":"https:\/\/www.hzc-power.com\/fr\/wp-json\/wp\/v2\/pages\/286550\/revisions"}],"wp:attachment":[{"href":"https:\/\/www.hzc-power.com\/fr\/wp-json\/wp\/v2\/media?parent=286550"}],"curies":[{"name":"wp","href":"https:\/\/api.w.org\/{rel}","templated":true}]}}